{"id":4752,"date":"2023-10-19T11:51:42","date_gmt":"2023-10-19T11:51:42","guid":{"rendered":"https:\/\/hotellaperla.ma\/?page_id=4752"},"modified":"2023-10-31T22:37:36","modified_gmt":"2023-10-31T22:37:36","slug":"a-propos","status":"publish","type":"page","link":"https:\/\/hotellaperla.ma\/de\/a-propos\/","title":{"rendered":"\u00dcber uns"},"content":{"rendered":"<div data-elementor-type=\"wp-page\" data-elementor-id=\"4752\" class=\"elementor elementor-4752\" data-elementor-post-type=\"page\">\n\t\t\t\t<div class=\"elementor-element elementor-element-f5433fd e-flex e-con-boxed e-con e-parent\" data-id=\"f5433fd\" data-element_type=\"container\" data-settings=\"{&quot;content_width&quot;:&quot;boxed&quot;}\" data-core-v316-plus=\"true\">\n\t\t\t\t\t<div class=\"e-con-inner\">\n\t\t\t\t<div class=\"elementor-element elementor-element-977d7f0 elementor-widget elementor-widget-heading\" data-id=\"977d7f0\" data-element_type=\"widget\" data-widget_type=\"heading.default\">\n\t\t\t\t<div class=\"elementor-widget-container\">\n\t\t\t<style>\/*! elementor - v3.19.0 - 07-02-2024 *\/\n.elementor-heading-title{padding:0;margin:0;line-height:1}.elementor-widget-heading .elementor-heading-title[class*=elementor-size-]>a{color:inherit;font-size:inherit;line-height:inherit}.elementor-widget-heading .elementor-heading-title.elementor-size-small{font-size:15px}.elementor-widget-heading .elementor-heading-title.elementor-size-medium{font-size:19px}.elementor-widget-heading .elementor-heading-title.elementor-size-large{font-size:29px}.elementor-widget-heading .elementor-heading-title.elementor-size-xl{font-size:39px}.elementor-widget-heading .elementor-heading-title.elementor-size-xxl{font-size:59px}<\/style><h2 class=\"elementor-heading-title elementor-size-default\">\u00dcber uns<\/h2>\t\t<\/div>\n\t\t\t\t<\/div>\n\t\t\t\t\t<\/div>\n\t\t\t\t<\/div>\n\t\t<div class=\"elementor-element elementor-element-763de53 e-flex e-con-boxed e-con e-parent\" data-id=\"763de53\" data-element_type=\"container\" data-settings=\"{&quot;content_width&quot;:&quot;boxed&quot;}\" data-core-v316-plus=\"true\">\n\t\t\t\t\t<div class=\"e-con-inner\">\n\t\t<div class=\"elementor-element elementor-element-fffa4a6 e-con-full e-flex e-con e-child\" data-id=\"fffa4a6\" data-element_type=\"container\" data-settings=\"{&quot;content_width&quot;:&quot;full&quot;}\">\n\t\t\t\t<div class=\"elementor-element elementor-element-c9649cc elementor-invisible elementor-widget elementor-widget-image\" data-id=\"c9649cc\" data-element_type=\"widget\" data-settings=\"{&quot;_animation&quot;:&quot;slideInLeft&quot;}\" data-widget_type=\"image.default\">\n\t\t\t\t<div class=\"elementor-widget-container\">\n\t\t\t<style>\/*! elementor - v3.19.0 - 07-02-2024 *\/\n.elementor-widget-image{text-align:center}.elementor-widget-image a{display:inline-block}.elementor-widget-image a img[src$=\".svg\"]{width:48px}.elementor-widget-image img{vertical-align:middle;display:inline-block}<\/style>\t\t\t\t\t\t\t\t\t\t<img fetchpriority=\"high\" decoding=\"async\" width=\"1369\" height=\"1810\" src=\"https:\/\/hotellaperla.ma\/wp-content\/uploads\/2023\/10\/hotel-la-perla-al-hoceima.webp\" class=\"attachment-full size-full wp-image-4758\" alt=\"Hotel La Perla Al Hoceima\" srcset=\"https:\/\/hotellaperla.ma\/wp-content\/uploads\/2023\/10\/hotel-la-perla-al-hoceima.webp 1369w, https:\/\/hotellaperla.ma\/wp-content\/uploads\/2023\/10\/hotel-la-perla-al-hoceima-227x300.webp 227w, https:\/\/hotellaperla.ma\/wp-content\/uploads\/2023\/10\/hotel-la-perla-al-hoceima-775x1024.webp 775w, https:\/\/hotellaperla.ma\/wp-content\/uploads\/2023\/10\/hotel-la-perla-al-hoceima-768x1015.webp 768w, https:\/\/hotellaperla.ma\/wp-content\/uploads\/2023\/10\/hotel-la-perla-al-hoceima-1162x1536.webp 1162w\" sizes=\"(max-width: 1369px) 100vw, 1369px\" \/>\t\t\t\t\t\t\t\t\t\t\t\t\t<\/div>\n\t\t\t\t<\/div>\n\t\t\t\t<\/div>\n\t\t<div class=\"elementor-element elementor-element-5e8ef9a e-con-full e-flex e-con e-child\" data-id=\"5e8ef9a\" data-element_type=\"container\" data-settings=\"{&quot;content_width&quot;:&quot;full&quot;}\">\n\t\t\t\t<div class=\"elementor-element elementor-element-b4a97ea elementor-widget elementor-widget-text-editor\" data-id=\"b4a97ea\" data-element_type=\"widget\" data-widget_type=\"text-editor.default\">\n\t\t\t\t<div class=\"elementor-widget-container\">\n\t\t\t<style>\/*! elementor - v3.19.0 - 07-02-2024 *\/\n.elementor-widget-text-editor.elementor-drop-cap-view-stacked .elementor-drop-cap{background-color:#69727d;color:#fff}.elementor-widget-text-editor.elementor-drop-cap-view-framed .elementor-drop-cap{color:#69727d;border:3px solid;background-color:transparent}.elementor-widget-text-editor:not(.elementor-drop-cap-view-default) .elementor-drop-cap{margin-top:8px}.elementor-widget-text-editor:not(.elementor-drop-cap-view-default) .elementor-drop-cap-letter{width:1em;height:1em}.elementor-widget-text-editor .elementor-drop-cap{float:left;text-align:center;line-height:1;font-size:50px}.elementor-widget-text-editor .elementor-drop-cap-letter{display:inline-block}<\/style>\t\t\t\t<p><strong>H\u00f4tel La Perla<\/strong> ist eine au\u00dfergew\u00f6hnlich gut gelegene Einrichtung im Herzen der Stadt Al Hoceima und bietet eine strategische Lage in der N\u00e4he des herrlichen Quemado-Strands. Mit insgesamt 100 gut ausgestatteten Zimmern garantiert unser Hotel allen Reisenden einen komfortablen und unvergesslichen Aufenthalt.<\/p><p>Um das Ganze abzurunden, bietet Ihnen unser Restaurant im 7. Stock ein au\u00dfergew\u00f6hnliches kulinarisches Erlebnis. Von hier aus genie\u00dfen Sie einen atemberaubenden Panoramablick auf das Mittelmeer. Unsere abwechslungsreiche Speisekarte vereint gekonnt lokale und internationale Aromen, um jeden Gaumen zufrieden zu stellen. Ob f\u00fcr ein Gesch\u00e4ftsessen, einen romantischen Kurzurlaub oder einen Familienurlaub, unser Restaurant bietet einen einzigartigen Rahmen f\u00fcr unvergessliche Mahlzeiten. Das Hotel La Perla ist bestrebt, Ihnen einen qualitativ hochwertigen Service zu bieten, der Ihren Aufenthalt in Al-Hoceima zu einem unvergesslichen Erlebnis macht.<\/p>\t\t\t\t\t\t<\/div>\n\t\t\t\t<\/div>\n\t\t\t\t<\/div>\n\t\t\t\t\t<\/div>\n\t\t\t\t<\/div>\n\t\t<div class=\"elementor-element elementor-element-5a3c65b e-flex e-con-boxed e-con e-parent\" data-id=\"5a3c65b\" data-element_type=\"container\" data-settings=\"{&quot;content_width&quot;:&quot;boxed&quot;}\" data-core-v316-plus=\"true\">\n\t\t\t\t\t<div class=\"e-con-inner\">\n\t\t<div class=\"elementor-element elementor-element-f735a93 e-con-full e-flex e-con e-child\" data-id=\"f735a93\" data-element_type=\"container\" data-settings=\"{&quot;content_width&quot;:&quot;full&quot;}\" swap-on-mobile=\"\">\n\t\t\t\t<div class=\"elementor-element elementor-element-8786266 elementor-widget elementor-widget-text-editor\" data-id=\"8786266\" data-element_type=\"widget\" data-widget_type=\"text-editor.default\">\n\t\t\t\t<div class=\"elementor-widget-container\">\n\t\t\t\t\t\t\t<h3 style=\"text-align: center;\"><img decoding=\"async\" class=\"alignnone size-full wp-image-4770\" style=\"margin-bottom: -20px; filter: contrast(0%) brightness(150%); width: 64px;\" src=\"https:\/\/hotellaperla.ma\/wp-content\/uploads\/2023\/10\/restaurant.png\" alt=\"restaurant\" width=\"64px\" height=\"64px\" \/>Restaurant<\/h3>\t\t\t\t\t\t<\/div>\n\t\t\t\t<\/div>\n\t\t\t\t<div class=\"elementor-element elementor-element-46aad41 elementor-widget elementor-widget-text-editor\" data-id=\"46aad41\" data-element_type=\"widget\" data-widget_type=\"text-editor.default\">\n\t\t\t\t<div class=\"elementor-widget-container\">\n\t\t\t\t\t\t\t<p>Unser Restaurant bietet ein k\u00f6stliches marokkanisches Riffian-Gastronomieerlebnis mit einer abwechslungsreichen Speisekarte mit authentischen marokkanischen Aromen. Es liegt auf der 7. Etage und bietet einen atemberaubenden Panoramablick auf das Mittelmeer, der Ihre marokkanischen Mahlzeiten zu einem unvergesslichen Erlebnis macht.<\/p>\t\t\t\t\t\t<\/div>\n\t\t\t\t<\/div>\n\t\t\t\t<\/div>\n\t\t<div class=\"elementor-element elementor-element-ca108ec e-con-full e-flex e-con e-child\" data-id=\"ca108ec\" data-element_type=\"container\" data-settings=\"{&quot;content_width&quot;:&quot;full&quot;}\">\n\t\t\t\t<div class=\"elementor-element elementor-element-7de5745 elementor-invisible elementor-widget elementor-widget-image\" data-id=\"7de5745\" data-element_type=\"widget\" data-settings=\"{&quot;_animation&quot;:&quot;slideInRight&quot;}\" data-widget_type=\"image.default\">\n\t\t\t\t<div class=\"elementor-widget-container\">\n\t\t\t\t\t\t\t\t\t\t\t\t\t<img decoding=\"async\" width=\"500\" height=\"257\" src=\"https:\/\/hotellaperla.ma\/wp-content\/uploads\/2023\/10\/5.jpg\" class=\"attachment-blog-grid size-blog-grid wp-image-4317\" alt=\"Hotel La Perla Restaurant\" srcset=\"https:\/\/hotellaperla.ma\/wp-content\/uploads\/2023\/10\/5.jpg 500w, https:\/\/hotellaperla.ma\/wp-content\/uploads\/2023\/10\/5-300x154.jpg 300w\" sizes=\"(max-width: 500px) 100vw, 500px\" \/>\t\t\t\t\t\t\t\t\t\t\t\t\t<\/div>\n\t\t\t\t<\/div>\n\t\t\t\t<\/div>\n\t\t\t\t\t<\/div>\n\t\t\t\t<\/div>\n\t\t<div class=\"elementor-element elementor-element-6f4d326 e-flex e-con-boxed e-con e-parent\" data-id=\"6f4d326\" data-element_type=\"container\" data-settings=\"{&quot;content_width&quot;:&quot;boxed&quot;}\" data-core-v316-plus=\"true\">\n\t\t\t\t\t<div class=\"e-con-inner\">\n\t\t<div class=\"elementor-element elementor-element-b8487d0 e-con-full e-flex e-con e-child\" data-id=\"b8487d0\" data-element_type=\"container\" data-settings=\"{&quot;content_width&quot;:&quot;full&quot;}\">\n\t\t\t\t<div class=\"elementor-element elementor-element-406b2b0 elementor-invisible elementor-widget elementor-widget-image\" data-id=\"406b2b0\" data-element_type=\"widget\" data-settings=\"{&quot;_animation&quot;:&quot;fadeInLeft&quot;}\" data-widget_type=\"image.default\">\n\t\t\t\t<div class=\"elementor-widget-container\">\n\t\t\t\t\t\t\t\t\t\t\t\t\t<img decoding=\"async\" width=\"500\" height=\"257\" src=\"https:\/\/hotellaperla.ma\/wp-content\/uploads\/2023\/10\/9.jpg\" class=\"attachment-blog-grid size-blog-grid wp-image-4335\" alt=\"Chambre Famille\" srcset=\"https:\/\/hotellaperla.ma\/wp-content\/uploads\/2023\/10\/9.jpg 500w, https:\/\/hotellaperla.ma\/wp-content\/uploads\/2023\/10\/9-300x154.jpg 300w\" sizes=\"(max-width: 500px) 100vw, 500px\" \/>\t\t\t\t\t\t\t\t\t\t\t\t\t<\/div>\n\t\t\t\t<\/div>\n\t\t\t\t<\/div>\n\t\t<div class=\"elementor-element elementor-element-51a19b5 e-con-full e-flex e-con e-child\" data-id=\"51a19b5\" data-element_type=\"container\" data-settings=\"{&quot;content_width&quot;:&quot;full&quot;}\">\n\t\t\t\t<div class=\"elementor-element elementor-element-1f6bc41 elementor-widget elementor-widget-text-editor\" data-id=\"1f6bc41\" data-element_type=\"widget\" data-widget_type=\"text-editor.default\">\n\t\t\t\t<div class=\"elementor-widget-container\">\n\t\t\t\t\t\t\t<h5 style=\"text-align: center; font-size: 32px; \"><img decoding=\"async\" class=\"alignnone\" style=\"margin-bottom: -10px; filter: contrast(0%) brightness(150%); width: 50px;\" src=\"https:\/\/hotellaperla.ma\/wp-content\/uploads\/2023\/10\/chambres.png\" alt=\"chambres\" width=\"64px\" height=\"64px\" \/>Schlafzimmer<\/h5>\t\t\t\t\t\t<\/div>\n\t\t\t\t<\/div>\n\t\t\t\t<div class=\"elementor-element elementor-element-7b79c66 elementor-widget elementor-widget-text-editor\" data-id=\"7b79c66\" data-element_type=\"widget\" data-widget_type=\"text-editor.default\">\n\t\t\t\t<div class=\"elementor-widget-container\">\n\t\t\t\t\t\t\t<p>Die Zimmer im Hotel La Perla sind sorgf\u00e4ltig mit modernen Annehmlichkeiten wie Klimaanlage, WLAN, Flachbildfernseher, Haartrockner, Safe und Minibar ausgestattet, um Ihren Komfort und Ihre Bequemlichkeit w\u00e4hrend Ihres Aufenthalts zu erh\u00f6hen.<\/p>\t\t\t\t\t\t<\/div>\n\t\t\t\t<\/div>\n\t\t\t\t<\/div>\n\t\t\t\t\t<\/div>\n\t\t\t\t<\/div>\n\t\t\t\t<\/div>","protected":false},"excerpt":{"rendered":"<p>A Propos de Nous H\u00f4tel La Perla est un \u00e9tablissement exceptionnellement bien situ\u00e9 au c\u0153ur de la ville d&rsquo;Al Hoceima, offrant un emplacement strat\u00e9gique \u00e0 proximit\u00e9 de la magnifique Plage Quemado. Avec un total de 100 chambres soigneusement am\u00e9nag\u00e9es, notre h\u00f4tel garantit un s\u00e9jour confortable et inoubliable pour tous les voyageurs. Pour couronner le tout,&#8230; <\/p>\n<div class=\"clear\"><\/div>\n<p><a href=\"https:\/\/hotellaperla.ma\/de\/a-propos\/\" class=\"excerpt-read-more\">Continue Reading<i class=\"fa fa-long-arrow-right icon-long-arrow-right\"><\/i><\/a><\/p>","protected":false},"author":2,"featured_media":0,"parent":0,"menu_order":0,"comment_status":"closed","ping_status":"closed","template":"","meta":{"footnotes":""},"class_list":["post-4752","page","type-page","status-publish","hentry"],"yoast_head":"<!-- This site is optimized with the Yoast SEO plugin v21.4 - https:\/\/yoast.com\/wordpress\/plugins\/seo\/ -->\n<title>A Propos - Hotel La Perla<\/title>\n<meta name=\"robots\" content=\"index, follow, max-snippet:-1, max-image-preview:large, max-video-preview:-1\" \/>\n<link rel=\"canonical\" href=\"https:\/\/hotellaperla.ma\/de\/a-propos\/\" \/>\n<meta property=\"og:locale\" content=\"de_DE\" \/>\n<meta property=\"og:type\" content=\"article\" \/>\n<meta property=\"og:title\" content=\"A Propos - Hotel La Perla\" \/>\n<meta property=\"og:description\" content=\"A Propos de Nous H\u00f4tel La Perla est un \u00e9tablissement exceptionnellement bien situ\u00e9 au c\u0153ur de la ville d&rsquo;Al Hoceima, offrant un emplacement strat\u00e9gique \u00e0 proximit\u00e9 de la magnifique Plage Quemado. Avec un total de 100 chambres soigneusement am\u00e9nag\u00e9es, notre h\u00f4tel garantit un s\u00e9jour confortable et inoubliable pour tous les voyageurs. Pour couronner le tout,... Continue Reading\" \/>\n<meta property=\"og:url\" content=\"https:\/\/hotellaperla.ma\/de\/a-propos\/\" \/>\n<meta property=\"og:site_name\" content=\"Hotel La Perla\" \/>\n<meta property=\"article:publisher\" content=\"https:\/\/facebook.com\/hotellaperla01\" \/>\n<meta property=\"article:modified_time\" content=\"2023-10-31T22:37:36+00:00\" \/>\n<meta property=\"og:image\" content=\"https:\/\/hotellaperla.ma\/wp-content\/uploads\/2023\/10\/hotel-la-perla-al-hoceima.webp\" \/>\n<meta name=\"twitter:card\" content=\"summary_large_image\" \/>\n<meta name=\"twitter:label1\" content=\"Gesch\u00e4tzte Lesezeit\" \/>\n\t<meta name=\"twitter:data1\" content=\"3\u00a0Minuten\" \/>\n<script type=\"application\/ld+json\" class=\"yoast-schema-graph\">{\"@context\":\"https:\/\/schema.org\",\"@graph\":[{\"@type\":\"WebPage\",\"@id\":\"https:\/\/hotellaperla.ma\/a-propos\/\",\"url\":\"https:\/\/hotellaperla.ma\/a-propos\/\",\"name\":\"A Propos - Hotel La Perla\",\"isPartOf\":{\"@id\":\"https:\/\/hotellaperla.ma\/#website\"},\"datePublished\":\"2023-10-19T11:51:42+00:00\",\"dateModified\":\"2023-10-31T22:37:36+00:00\",\"breadcrumb\":{\"@id\":\"https:\/\/hotellaperla.ma\/a-propos\/#breadcrumb\"},\"inLanguage\":\"de\",\"potentialAction\":[{\"@type\":\"ReadAction\",\"target\":[\"https:\/\/hotellaperla.ma\/a-propos\/\"]}]},{\"@type\":\"BreadcrumbList\",\"@id\":\"https:\/\/hotellaperla.ma\/a-propos\/#breadcrumb\",\"itemListElement\":[{\"@type\":\"ListItem\",\"position\":1,\"name\":\"Accueil\",\"item\":\"https:\/\/hotellaperla.ma\/\"},{\"@type\":\"ListItem\",\"position\":2,\"name\":\"A Propos\"}]},{\"@type\":\"WebSite\",\"@id\":\"https:\/\/hotellaperla.ma\/#website\",\"url\":\"https:\/\/hotellaperla.ma\/\",\"name\":\"Hotel La Perla\",\"description\":\"\",\"publisher\":{\"@id\":\"https:\/\/hotellaperla.ma\/#organization\"},\"potentialAction\":[{\"@type\":\"SearchAction\",\"target\":{\"@type\":\"EntryPoint\",\"urlTemplate\":\"https:\/\/hotellaperla.ma\/?s={search_term_string}\"},\"query-input\":\"required name=search_term_string\"}],\"inLanguage\":\"de\"},{\"@type\":\"Organization\",\"@id\":\"https:\/\/hotellaperla.ma\/#organization\",\"name\":\"Hotel La Perla\",\"url\":\"https:\/\/hotellaperla.ma\/\",\"logo\":{\"@type\":\"ImageObject\",\"inLanguage\":\"de\",\"@id\":\"https:\/\/hotellaperla.ma\/#\/schema\/logo\/image\/\",\"url\":\"https:\/\/hotellaperla.ma\/wp-content\/uploads\/2023\/10\/hotel-la-perla-logo.webp\",\"contentUrl\":\"https:\/\/hotellaperla.ma\/wp-content\/uploads\/2023\/10\/hotel-la-perla-logo.webp\",\"width\":354,\"height\":118,\"caption\":\"Hotel La Perla\"},\"image\":{\"@id\":\"https:\/\/hotellaperla.ma\/#\/schema\/logo\/image\/\"},\"sameAs\":[\"https:\/\/facebook.com\/hotellaperla01\",\"https:\/\/instagram.com\/hotellaperla0\/\"]}]}<\/script>\n<!-- \/ Yoast SEO plugin. -->","yoast_head_json":{"title":"A Propos - Hotel La Perla","robots":{"index":"index","follow":"follow","max-snippet":"max-snippet:-1","max-image-preview":"max-image-preview:large","max-video-preview":"max-video-preview:-1"},"canonical":"https:\/\/hotellaperla.ma\/de\/a-propos\/","og_locale":"de_DE","og_type":"article","og_title":"A Propos - Hotel La Perla","og_description":"A Propos de Nous H\u00f4tel La Perla est un \u00e9tablissement exceptionnellement bien situ\u00e9 au c\u0153ur de la ville d&rsquo;Al Hoceima, offrant un emplacement strat\u00e9gique \u00e0 proximit\u00e9 de la magnifique Plage Quemado. Avec un total de 100 chambres soigneusement am\u00e9nag\u00e9es, notre h\u00f4tel garantit un s\u00e9jour confortable et inoubliable pour tous les voyageurs. Pour couronner le tout,... Continue Reading","og_url":"https:\/\/hotellaperla.ma\/de\/a-propos\/","og_site_name":"Hotel La Perla","article_publisher":"https:\/\/facebook.com\/hotellaperla01","article_modified_time":"2023-10-31T22:37:36+00:00","og_image":[{"url":"https:\/\/hotellaperla.ma\/wp-content\/uploads\/2023\/10\/hotel-la-perla-al-hoceima.webp"}],"twitter_card":"summary_large_image","twitter_misc":{"Gesch\u00e4tzte Lesezeit":"3\u00a0Minuten"},"schema":{"@context":"https:\/\/schema.org","@graph":[{"@type":"WebPage","@id":"https:\/\/hotellaperla.ma\/a-propos\/","url":"https:\/\/hotellaperla.ma\/a-propos\/","name":"A Propos - Hotel La Perla","isPartOf":{"@id":"https:\/\/hotellaperla.ma\/#website"},"datePublished":"2023-10-19T11:51:42+00:00","dateModified":"2023-10-31T22:37:36+00:00","breadcrumb":{"@id":"https:\/\/hotellaperla.ma\/a-propos\/#breadcrumb"},"inLanguage":"de","potentialAction":[{"@type":"ReadAction","target":["https:\/\/hotellaperla.ma\/a-propos\/"]}]},{"@type":"BreadcrumbList","@id":"https:\/\/hotellaperla.ma\/a-propos\/#breadcrumb","itemListElement":[{"@type":"ListItem","position":1,"name":"Accueil","item":"https:\/\/hotellaperla.ma\/"},{"@type":"ListItem","position":2,"name":"A Propos"}]},{"@type":"WebSite","@id":"https:\/\/hotellaperla.ma\/#website","url":"https:\/\/hotellaperla.ma\/","name":"Hotel La Perla","description":"","publisher":{"@id":"https:\/\/hotellaperla.ma\/#organization"},"potentialAction":[{"@type":"SearchAction","target":{"@type":"EntryPoint","urlTemplate":"https:\/\/hotellaperla.ma\/?s={search_term_string}"},"query-input":"required name=search_term_string"}],"inLanguage":"de"},{"@type":"Organization","@id":"https:\/\/hotellaperla.ma\/#organization","name":"Hotel La Perla","url":"https:\/\/hotellaperla.ma\/","logo":{"@type":"ImageObject","inLanguage":"de","@id":"https:\/\/hotellaperla.ma\/#\/schema\/logo\/image\/","url":"https:\/\/hotellaperla.ma\/wp-content\/uploads\/2023\/10\/hotel-la-perla-logo.webp","contentUrl":"https:\/\/hotellaperla.ma\/wp-content\/uploads\/2023\/10\/hotel-la-perla-logo.webp","width":354,"height":118,"caption":"Hotel La Perla"},"image":{"@id":"https:\/\/hotellaperla.ma\/#\/schema\/logo\/image\/"},"sameAs":["https:\/\/facebook.com\/hotellaperla01","https:\/\/instagram.com\/hotellaperla0\/"]}]}},"_links":{"self":[{"href":"https:\/\/hotellaperla.ma\/de\/wp-json\/wp\/v2\/pages\/4752","targetHints":{"allow":["GET"]}}],"collection":[{"href":"https:\/\/hotellaperla.ma\/de\/wp-json\/wp\/v2\/pages"}],"about":[{"href":"https:\/\/hotellaperla.ma\/de\/wp-json\/wp\/v2\/types\/page"}],"author":[{"embeddable":true,"href":"https:\/\/hotellaperla.ma\/de\/wp-json\/wp\/v2\/users\/2"}],"replies":[{"embeddable":true,"href":"https:\/\/hotellaperla.ma\/de\/wp-json\/wp\/v2\/comments?post=4752"}],"version-history":[{"count":10,"href":"https:\/\/hotellaperla.ma\/de\/wp-json\/wp\/v2\/pages\/4752\/revisions"}],"predecessor-version":[{"id":5038,"href":"https:\/\/hotellaperla.ma\/de\/wp-json\/wp\/v2\/pages\/4752\/revisions\/5038"}],"wp:attachment":[{"href":"https:\/\/hotellaperla.ma\/de\/wp-json\/wp\/v2\/media?parent=4752"}],"curies":[{"name":"wp","href":"https:\/\/api.w.org\/{rel}","templated":true}]}}